{"id":61,"date":"2023-06-24T20:13:50","date_gmt":"2023-06-25T00:13:50","guid":{"rendered":"http:\/\/www.amisdulacdes16isles.org\/?page_id=61"},"modified":"2025-09-28T09:52:25","modified_gmt":"2025-09-28T14:52:25","slug":"welcome","status":"publish","type":"page","link":"https:\/\/amisdulac.org\/fr\/","title":{"rendered":"Bienvenue"},"content":{"rendered":"<p><div id=\"site-intro\"><div id=\"site-intro-container\"><span class=\"intro-swril swril-left\"><\/span><span class=\"intro-text\">L&rsquo;association les Amis du Lac vous souhaite la bienvenue<\/span><span class=\"intro-swril swril-right\"><\/span><\/div><\/div><a href=\"https:\/\/amisdulac.org\/fr\/information\/\"><img loading=\"lazy\" decoding=\"async\" class=\"aligncenter wp-image-2332\" src=\"https:\/\/amisdulac.org\/wp-content\/uploads\/2025\/09\/NEW-lists-fr.png\" alt=\"\" width=\"892\" height=\"101\" srcset=\"https:\/\/amisdulac.org\/wp-content\/uploads\/2025\/09\/NEW-lists-fr.png 1024w, https:\/\/amisdulac.org\/wp-content\/uploads\/2025\/09\/NEW-lists-fr-300x34.png 300w, https:\/\/amisdulac.org\/wp-content\/uploads\/2025\/09\/NEW-lists-fr-768x87.png 768w, https:\/\/amisdulac.org\/wp-content\/uploads\/2025\/09\/NEW-lists-fr-200x23.png 200w\" sizes=\"auto, (max-width: 892px) 100vw, 892px\" \/><\/a><\/p>\n<div class=\"columns-wrapper\">\n<div class=\"three-columns\">\n<div class=\"columns-wrapper\">\n<div class=\"two-columns\"><a href=\"https:\/\/amisdulac.org\/motorless-day-2025\/\"><img loading=\"lazy\" decoding=\"async\" class=\"alignnone wp-image-2167 size-medium\" src=\"https:\/\/amisdulac.org\/wp-content\/uploads\/2025\/07\/20250702_133124-225x300.jpg\" alt=\"\" width=\"225\" height=\"300\" srcset=\"https:\/\/amisdulac.org\/wp-content\/uploads\/2025\/07\/20250702_133124-225x300.jpg 225w, https:\/\/amisdulac.org\/wp-content\/uploads\/2025\/07\/20250702_133124-768x1024.jpg 768w, https:\/\/amisdulac.org\/wp-content\/uploads\/2025\/07\/20250702_133124-150x200.jpg 150w, https:\/\/amisdulac.org\/wp-content\/uploads\/2025\/07\/20250702_133124-rotated.jpg 1080w\" sizes=\"auto, (max-width: 225px) 100vw, 225px\" \/><\/a><\/div>\n<div class=\"two-columns nomargin\">Il y avait plein de monde pour la journ\u00e9e sans moteur, le 2 juillet. Corinne Hamel nous a montr\u00e9 l&rsquo;importance du littoral, tandis que David Ravelo nous a parl\u00e9 des plantes et arbustes locaux qui poussent bien dans notre environnement. Les enfants ont plant\u00e9 leurs propres plantes et ont \u00e9crit leur nom \u00e0 c\u00f4t\u00e9.<\/div>\n<\/div>\n<\/div>\n<div class=\"three-columns\" style=\"text-align: center;\">\n<div class=\"columns-wrapper\">\n<div class=\"two-columns\"><a href=\"https:\/\/amisdulac.org\/wp-content\/uploads\/2025\/06\/Le-guide-du-bon-riverain-2.pdf\" target=\"_blank\" rel=\"noopener\"><img loading=\"lazy\" decoding=\"async\" class=\"alignnone wp-image-2153\" src=\"https:\/\/amisdulac.org\/wp-content\/uploads\/2025\/06\/bande-riveraine-Corinne.png\" alt=\"\" width=\"150\" height=\"240\" srcset=\"https:\/\/amisdulac.org\/wp-content\/uploads\/2025\/06\/bande-riveraine-Corinne.png 483w, https:\/\/amisdulac.org\/wp-content\/uploads\/2025\/06\/bande-riveraine-Corinne-188x300.png 188w, https:\/\/amisdulac.org\/wp-content\/uploads\/2025\/06\/bande-riveraine-Corinne-125x200.png 125w\" sizes=\"auto, (max-width: 150px) 100vw, 150px\" \/><\/a><\/div>\n<div class=\"two-columns nomargin\">Lisez le \u00ab Guide du bon riverain \u00bb de Corinne Hamel, une super ressource pour aider les gens du lac \u00e0 comprendre l&rsquo;importance de la zone littorale (le rivage). ***ACTUALIT\u00c9S*** Corinne a pr\u00e9sent\u00e9 son guide lors de la Journ\u00e9e sans moteur, le 2 juillet au Club.<\/div>\n<\/div>\n<\/div>\n<div class=\"three-columns nomargin\" style=\"text-align: left;\">\n<p><em><strong>Apprenez-le ! Mettez-le en pratique ! Pour la sant\u00e9 de notre lac !<\/strong><\/em><\/p>\n<p><a href=\"https:\/\/amisdulac.org\/wp-content\/uploads\/2025\/07\/CODE-DETHIQUE-NAUTIQUE-2025-final-V5-francais.pdf\" target=\"_blank\" rel=\"noopener\"><img loading=\"lazy\" decoding=\"async\" class=\"alignnone wp-image-2212\" src=\"https:\/\/amisdulac.org\/wp-content\/uploads\/2025\/07\/Boating-Ethics-icon-EN-300x232.png\" alt=\"\" width=\"200\" height=\"155\"><\/a><br \/>\nVeuillez consulter le <a href=\"https:\/\/amisdulac.org\/wp-content\/uploads\/2025\/07\/CODE-DETHIQUE-NAUTIQUE-2025-final-V5-francais.pdf\" target=\"_blank\" rel=\"noopener\"><u>Code d&rsquo;\u00e9thique nautique<\/u><\/a>.<\/p>\n<p>Nouveau : <a href=\"https:\/\/amisdulac.org\/wp-content\/uploads\/2025\/07\/Lake-Map-for-POSTER-2025-V5-FR-scaled.jpg\"><u>Lien rapide vers la carte<\/u><\/a>.<\/p>\n<\/div>\n<div>&nbsp;<\/div>\n<\/div>\n<div>\n<div class=\"columns-wrapper\">\n<div class=\"three-columns\"><a href=\"https:\/\/amisdulac.org\/calendar_order\/\"><img loading=\"lazy\" decoding=\"async\" class=\"alignnone wp-image-2186 size-full\" src=\"https:\/\/amisdulac.org\/wp-content\/uploads\/2025\/07\/calendar-icon-2026-fr.jpg\" alt=\"\" width=\"520\" height=\"354\" srcset=\"https:\/\/amisdulac.org\/wp-content\/uploads\/2025\/07\/calendar-icon-2026-fr.jpg 520w, https:\/\/amisdulac.org\/wp-content\/uploads\/2025\/07\/calendar-icon-2026-fr-300x204.jpg 300w, https:\/\/amisdulac.org\/wp-content\/uploads\/2025\/07\/calendar-icon-2026-fr-200x136.jpg 200w\" sizes=\"auto, (max-width: 520px) 100vw, 520px\" \/><\/a>Les calendriers 2026 maintenant disponible ! Merci pour votre soutien<\/div>\n<div class=\"three-columns\"><a href=\"https:\/\/amisdulac.org\/formulaire-dadhesion-en-ligne\/?lang=fr\"><img loading=\"lazy\" decoding=\"async\" class=\"img-frame alignnone\" src=\"https:\/\/amisdulac.org\/wp-content\/uploads\/2021\/06\/join-us_fr.jpg\" alt=\"\" width=\"260\" height=\"177\"><\/a><br \/>\nL&rsquo;adh\u00e9sion a ses privil\u00e8ges!<\/div>\n<div class=\"three-columns\"><a href=\"https:\/\/amisdulac.org\/lake-life-merchandise-order-form\/\"><img loading=\"lazy\" decoding=\"async\" class=\"alignnone wp-image-2225 size-full\" src=\"https:\/\/amisdulac.org\/wp-content\/uploads\/2025\/07\/merch-2025-fr.jpg\" alt=\"\" width=\"1080\" height=\"1080\"><\/a><br \/>\n<a href=\"https:\/\/amisdulac.org\/lake-life-merchandise-order-form\/\">Les produits d\u00e9riv\u00e9s Amis 2025 sont disponibles !<\/a><\/div>\n<\/div>\n<\/div>\n<div>\n<div class=\"columns-wrapper\">\n<div class=\"three-columns\"><a href=\"https:\/\/amisdulac.org\/three-year-study-mini-biofilia\/\"><img loading=\"lazy\" decoding=\"async\" class=\"alignnone\" src=\"https:\/\/amisdulac.org\/wp-content\/uploads\/2023\/07\/Screenshot-2023-07-24-at-2.16.10-PM.png\" alt=\"\" width=\"206\" height=\"184\"><\/a><br \/>\n\u00c0 lire ici ! \u00c9valuation des tendances \u00e9cologiques\/biologiques &#8211; Rapport triennale<br \/>\n<span style=\"text-decoration: underline;\"><a href=\"https:\/\/amisdulac.org\/envstudie\/\">\u00c9tudes environnementales ant\u00e9rieures<\/a><\/span><\/div>\n<div class=\"three-columns \"><a href=\"https:\/\/amisdulac.org\/wp-content\/uploads\/2023\/08\/Screenshot-2023-08-03-at-11.41.34-AM.png\" target=\"_blank\" rel=\"noopener\"><img loading=\"lazy\" decoding=\"async\" class=\"alignnone\" src=\"https:\/\/amisdulac.org\/wp-content\/uploads\/2023\/08\/Screenshot-2023-08-03-at-11.41.34-AM.png\" alt=\"\" width=\"1618\" height=\"1102\"><\/a>Brochure du gouvernement du Qu\u00e9bec sur le bandes riveraines<\/div>\n<div class=\"three-columns nomargin\"><a href=\"https:\/\/amisdulac.org\/announcing_kids_on_the_lake\/\"><img loading=\"lazy\" decoding=\"async\" class=\"img-frame alignnone\" src=\"https:\/\/amisdulac.org\/wp-content\/uploads\/2020\/04\/LakeLife_with-text-fr-with-white-background.jpg\" alt=\"\" width=\"266\" height=\"177\"><\/a>Regardez la derni\u00e8re cr\u00e9ation cin\u00e9matographique de Connor Manrique-Johnson : &laquo;&nbsp;<a href=\"https:\/\/amisdulac.org\/wp-content\/uploads\/2023\/08\/Gmail-Cherishing-16-Island-Lake-Loons-special-video-by-Connor-Manrique-Johnson.__Cherir-les-plongeons-de-16-Island-Lake-video-speciale-de-Connor-Manrique-Johnson.pdf\" target=\"_blank\" rel=\"noopener\">Cherishing Our Lake&rsquo;s Loons : Gardiens de la beaut\u00e9<\/a>&laquo;&nbsp;.<\/div>\n<\/div>\n<\/div>\n<p><\/p>","protected":false},"excerpt":{"rendered":"<p>Il y avait plein de monde pour la journ\u00e9e sans moteur, le 2 juillet. Corinne Hamel nous a montr\u00e9 l&rsquo;importance du littoral, tandis que David Ravelo nous a parl\u00e9 des plantes et arbustes locaux qui poussent bien dans notre environnement. Les enfants ont plant\u00e9 leurs propres plantes et ont \u00e9crit leur nom \u00e0 c\u00f4t\u00e9. Lisez [&hellip;]<\/p>\n","protected":false},"author":5,"featured_media":0,"parent":0,"menu_order":0,"comment_status":"open","ping_status":"open","template":"template-home.php","meta":{"ngg_post_thumbnail":0,"footnotes":""},"class_list":["post-61","page","type-page","status-publish","hentry"],"_links":{"self":[{"href":"https:\/\/amisdulac.org\/fr\/wp-json\/wp\/v2\/pages\/61","targetHints":{"allow":["GET"]}}],"collection":[{"href":"https:\/\/amisdulac.org\/fr\/wp-json\/wp\/v2\/pages"}],"about":[{"href":"https:\/\/amisdulac.org\/fr\/wp-json\/wp\/v2\/types\/page"}],"author":[{"embeddable":true,"href":"https:\/\/amisdulac.org\/fr\/wp-json\/wp\/v2\/users\/5"}],"replies":[{"embeddable":true,"href":"https:\/\/amisdulac.org\/fr\/wp-json\/wp\/v2\/comments?post=61"}],"version-history":[{"count":237,"href":"https:\/\/amisdulac.org\/fr\/wp-json\/wp\/v2\/pages\/61\/revisions"}],"predecessor-version":[{"id":2329,"href":"https:\/\/amisdulac.org\/fr\/wp-json\/wp\/v2\/pages\/61\/revisions\/2329"}],"wp:attachment":[{"href":"https:\/\/amisdulac.org\/fr\/wp-json\/wp\/v2\/media?parent=61"}],"curies":[{"name":"wp","href":"https:\/\/api.w.org\/{rel}","templated":true}]}}